{"version":"1.0","provider_name":"TURKMENISTAN AND WORLD NEWS","provider_url":"https:\/\/atavatan-turkmenistan.com\/tr\/","title":"T\u00fcrkmenistan'dan T\u00fcrk depremzedelere battaniye yard\u0131m\u0131 - TURKMENISTAN AND WORLD NEWS","type":"rich","width":600,"height":338,"html":"<blockquote class=\"wp-embedded-content\" data-secret=\"lSF8IBxUvo\"><a href=\"https:\/\/atavatan-turkmenistan.com\/tr\/turkmenistandan-turk-depremzedelere-battaniye-yardimi\/\">T\u00fcrkmenistan&#8217;dan T\u00fcrk depremzedelere battaniye yard\u0131m\u0131<\/a><\/blockquote><iframe sandbox=\"allow-scripts\" security=\"restricted\" src=\"https:\/\/atavatan-turkmenistan.com\/tr\/turkmenistandan-turk-depremzedelere-battaniye-yardimi\/embed\/#?secret=lSF8IBxUvo\" width=\"600\" height=\"338\" title=\"&#8220;T\u00fcrkmenistan&#8217;dan T\u00fcrk depremzedelere battaniye yard\u0131m\u0131&#8221; &#8212; TURKMENISTAN AND WORLD NEWS\" data-secret=\"lSF8IBxUvo\" frameborder=\"0\" marginwidth=\"0\" marginheight=\"0\" scrolling=\"no\" class=\"wp-embedded-content\"><\/iframe><script type=\"text\/javascript\">\n\/* <![CDATA[ *\/\n\/*! This file is auto-generated *\/\n!function(d,l){\"use strict\";l.querySelector&&d.addEventListener&&\"undefined\"!=typeof URL&&(d.wp=d.wp||{},d.wp.receiveEmbedMessage||(d.wp.receiveEmbedMessage=function(e){var t=e.data;if((t||t.secret||t.message||t.value)&&!\/[^a-zA-Z0-9]\/.test(t.secret)){for(var s,r,n,a=l.querySelectorAll('iframe[data-secret=\"'+t.secret+'\"]'),o=l.querySelectorAll('blockquote[data-secret=\"'+t.secret+'\"]'),c=new RegExp(\"^https?:$\",\"i\"),i=0;i<o.length;i++)o[i].style.display=\"none\";for(i=0;i<a.length;i++)s=a[i],e.source===s.contentWindow&&(s.removeAttribute(\"style\"),\"height\"===t.message?(1e3<(r=parseInt(t.value,10))?r=1e3:~~r<200&&(r=200),s.height=r):\"link\"===t.message&&(r=new URL(s.getAttribute(\"src\")),n=new URL(t.value),c.test(n.protocol))&&n.host===r.host&&l.activeElement===s&&(d.top.location.href=t.value))}},d.addEventListener(\"message\",d.wp.receiveEmbedMessage,!1),l.addEventListener(\"DOMContentLoaded\",function(){for(var e,t,s=l.querySelectorAll(\"iframe.wp-embedded-content\"),r=0;r<s.length;r++)(t=(e=s[r]).getAttribute(\"data-secret\"))||(t=Math.random().toString(36).substring(2,12),e.src+=\"#?secret=\"+t,e.setAttribute(\"data-secret\",t)),e.contentWindow.postMessage({message:\"ready\",secret:t},\"*\")},!1)))}(window,document);\n\/* ]]> *\/\n<\/script>\n","thumbnail_url":"https:\/\/atavatan-turkmenistan.com\/wp-content\/uploads\/2023\/02\/777-1.jpg","thumbnail_width":1500,"thumbnail_height":1195,"description":"T\u00fcrkiye Cumhuriyeti Kahramanmara\u015f merkezli y\u0131k\u0131c\u0131 depremin yarala\u0131rn\u0131 sarmaya \u00e7al\u0131\u015f\u0131yor. \u00dclke genelinde deprem b\u00f6lgelerine insnai yard\u0131m konusunda seferberlik ba\u015flat\u0131l\u0131rken, yurtd\u0131\u015f\u0131ndan da T\u00fcrkiye&#8217;ye yard\u0131m elleri uzat\u0131l\u0131yor. T\u00fcrkiye Cumhuriyeti yard\u0131m elini uzat \u00fclkelerdne birisi de T\u00fcrkmenistan devletidir. T\u00fcrkmenistan 6 \u015eubat&#8217;ta meydana gelen depremden bir g\u00fcn sonra 7 \u015eubat&#8217;ta ilk insani yard\u0131m u\u00e7a\u011f\u0131n\u0131 g\u00f6nderdi...."}