{"version":"1.0","provider_name":"TURKMENISTAN AND WORLD NEWS","provider_url":"https:\/\/atavatan-turkmenistan.com\/tr\/","title":"T\u00fcrkmenistan Pakistan'a insani yard\u0131m ula\u015ft\u0131rd\u0131 - TURKMENISTAN AND WORLD NEWS","type":"rich","width":600,"height":338,"html":"<blockquote class=\"wp-embedded-content\" data-secret=\"GsF1eY5bga\"><a href=\"https:\/\/atavatan-turkmenistan.com\/tr\/turkmenistan-pakistana-insani-yardim-ulastirdi\/\">T\u00fcrkmenistan Pakistan&#8217;a insani yard\u0131m ula\u015ft\u0131rd\u0131<\/a><\/blockquote><iframe sandbox=\"allow-scripts\" security=\"restricted\" src=\"https:\/\/atavatan-turkmenistan.com\/tr\/turkmenistan-pakistana-insani-yardim-ulastirdi\/embed\/#?secret=GsF1eY5bga\" width=\"600\" height=\"338\" title=\"&#8220;T\u00fcrkmenistan Pakistan&#8217;a insani yard\u0131m ula\u015ft\u0131rd\u0131&#8221; &#8212; TURKMENISTAN AND WORLD NEWS\" data-secret=\"GsF1eY5bga\" frameborder=\"0\" marginwidth=\"0\" marginheight=\"0\" scrolling=\"no\" class=\"wp-embedded-content\"><\/iframe><script type=\"text\/javascript\">\n\/* <![CDATA[ *\/\n\/*! This file is auto-generated *\/\n!function(d,l){\"use strict\";l.querySelector&&d.addEventListener&&\"undefined\"!=typeof URL&&(d.wp=d.wp||{},d.wp.receiveEmbedMessage||(d.wp.receiveEmbedMessage=function(e){var t=e.data;if((t||t.secret||t.message||t.value)&&!\/[^a-zA-Z0-9]\/.test(t.secret)){for(var s,r,n,a=l.querySelectorAll('iframe[data-secret=\"'+t.secret+'\"]'),o=l.querySelectorAll('blockquote[data-secret=\"'+t.secret+'\"]'),c=new RegExp(\"^https?:$\",\"i\"),i=0;i<o.length;i++)o[i].style.display=\"none\";for(i=0;i<a.length;i++)s=a[i],e.source===s.contentWindow&&(s.removeAttribute(\"style\"),\"height\"===t.message?(1e3<(r=parseInt(t.value,10))?r=1e3:~~r<200&&(r=200),s.height=r):\"link\"===t.message&&(r=new URL(s.getAttribute(\"src\")),n=new URL(t.value),c.test(n.protocol))&&n.host===r.host&&l.activeElement===s&&(d.top.location.href=t.value))}},d.addEventListener(\"message\",d.wp.receiveEmbedMessage,!1),l.addEventListener(\"DOMContentLoaded\",function(){for(var e,t,s=l.querySelectorAll(\"iframe.wp-embedded-content\"),r=0;r<s.length;r++)(t=(e=s[r]).getAttribute(\"data-secret\"))||(t=Math.random().toString(36).substring(2,12),e.src+=\"#?secret=\"+t,e.setAttribute(\"data-secret\",t)),e.contentWindow.postMessage({message:\"ready\",secret:t},\"*\")},!1)))}(window,document);\n\/* ]]> *\/\n<\/script>\n","thumbnail_url":"https:\/\/atavatan-turkmenistan.com\/wp-content\/uploads\/2022\/09\/Humanitarian-assistance-from-Turkmenistan-arrives-in-Karachi-1-2.jpeg","thumbnail_width":780,"thumbnail_height":585,"description":"T\u00fcrkmenistan&#8217;dan insani yard\u0131m u\u00e7a\u011f\u0131 Pakistan&#8217;\u0131n Kara\u00e7i&#8217;deki Jinnah Uluslararas\u0131 Havaliman\u0131&#8217;na indi ve selden etkilenenler i\u00e7in ila\u00e7 ve t\u0131bbi ekipman da dahil olmak \u00fczere \u00e7ok ihtiya\u00e7 duyulan insani yard\u0131m ula\u015ft\u0131r\u0131ld\u0131. Ge\u00e7t\u011fimiz g\u00fcnlerde, T\u00fcrkmenistan Devlet Ba\u015fkan\u0131 do\u011fal afetlerden etkilenen Pakistan halk\u0131na insani yard\u0131mda bulunmas\u0131na ili\u015fkin bir kararname imzalam\u0131\u015ft\u0131. Bu kararname \u00e7er\u00e7evesinde insani yard\u0131m\u0131..."}