{"version":"1.0","provider_name":"TURKMENISTAN AND WORLD NEWS","provider_url":"https:\/\/atavatan-turkmenistan.com\/tr\/","title":"T\u00fcrkmenistan heyeti New York'ta E\u011fitim Zirvesi'ne kat\u0131ld\u0131 - TURKMENISTAN AND WORLD NEWS","type":"rich","width":600,"height":338,"html":"<blockquote class=\"wp-embedded-content\" data-secret=\"7yRlhm5cFH\"><a href=\"https:\/\/atavatan-turkmenistan.com\/tr\/turkmenistan-heyeti-new-yorkta-egitim-zirvesine-katildi\/\">T\u00fcrkmenistan heyeti New York&#8217;ta E\u011fitim Zirvesi&#8217;ne kat\u0131ld\u0131<\/a><\/blockquote><iframe sandbox=\"allow-scripts\" security=\"restricted\" src=\"https:\/\/atavatan-turkmenistan.com\/tr\/turkmenistan-heyeti-new-yorkta-egitim-zirvesine-katildi\/embed\/#?secret=7yRlhm5cFH\" width=\"600\" height=\"338\" title=\"&#8220;T\u00fcrkmenistan heyeti New York&#8217;ta E\u011fitim Zirvesi&#8217;ne kat\u0131ld\u0131&#8221; &#8212; TURKMENISTAN AND WORLD NEWS\" data-secret=\"7yRlhm5cFH\" frameborder=\"0\" marginwidth=\"0\" marginheight=\"0\" scrolling=\"no\" class=\"wp-embedded-content\"><\/iframe><script type=\"text\/javascript\">\n\/* <![CDATA[ *\/\n\/*! This file is auto-generated *\/\n!function(d,l){\"use strict\";l.querySelector&&d.addEventListener&&\"undefined\"!=typeof URL&&(d.wp=d.wp||{},d.wp.receiveEmbedMessage||(d.wp.receiveEmbedMessage=function(e){var t=e.data;if((t||t.secret||t.message||t.value)&&!\/[^a-zA-Z0-9]\/.test(t.secret)){for(var s,r,n,a=l.querySelectorAll('iframe[data-secret=\"'+t.secret+'\"]'),o=l.querySelectorAll('blockquote[data-secret=\"'+t.secret+'\"]'),c=new RegExp(\"^https?:$\",\"i\"),i=0;i<o.length;i++)o[i].style.display=\"none\";for(i=0;i<a.length;i++)s=a[i],e.source===s.contentWindow&&(s.removeAttribute(\"style\"),\"height\"===t.message?(1e3<(r=parseInt(t.value,10))?r=1e3:~~r<200&&(r=200),s.height=r):\"link\"===t.message&&(r=new URL(s.getAttribute(\"src\")),n=new URL(t.value),c.test(n.protocol))&&n.host===r.host&&l.activeElement===s&&(d.top.location.href=t.value))}},d.addEventListener(\"message\",d.wp.receiveEmbedMessage,!1),l.addEventListener(\"DOMContentLoaded\",function(){for(var e,t,s=l.querySelectorAll(\"iframe.wp-embedded-content\"),r=0;r<s.length;r++)(t=(e=s[r]).getAttribute(\"data-secret\"))||(t=Math.random().toString(36).substring(2,12),e.src+=\"#?secret=\"+t,e.setAttribute(\"data-secret\",t)),e.contentWindow.postMessage({message:\"ready\",secret:t},\"*\")},!1)))}(window,document);\n\/* ]]> *\/\n<\/script>\n","thumbnail_url":"https:\/\/atavatan-turkmenistan.com\/wp-content\/uploads\/2022\/09\/UNGA2022.jpg","thumbnail_width":1200,"thumbnail_height":675,"description":"16-19 Eyl\u00fcl 2022 tarihlerinde, T\u00fcrkmenistan heyeti, Birle\u015fmi\u015f Milletler Genel Sekreteri Ant\u00f3nio Guterres taraf\u0131ndan ger\u00e7ekle\u015ftirilen E\u011fitimde D\u00f6n\u00fc\u015f\u00fcm Zirvesi&#8217;ne kat\u0131ld\u0131. Zirve, d\u00fcnya \u00e7ap\u0131nda e\u011fitimi iyile\u015ftirmenin yollar\u0131n\u0131 g\u00f6r\u00fc\u015fmenin yan\u0131 s\u0131ra pandeminin neden oldu\u011fu zorluklar\u0131n \u00fcstesinden gelmeyi ama\u00e7l\u0131yor. Etkinli\u011fe BM \u00fcye \u00fclkeleri, BM ajanslar\u0131, uluslararas\u0131 kurulu\u015f ve ajanslar, bilim adamlar\u0131, sivil toplum, \u00e7e\u015fitli vak\u0131flar,..."}