{"version":"1.0","provider_name":"TURKMENISTAN AND WORLD NEWS","provider_url":"https:\/\/atavatan-turkmenistan.com\/tr\/","title":"T\u00fcrkmenistan D\u0131\u015fi\u015fleri Bakan\u0131 ile ABD B\u00fcy\u00fckel\u00e7isi g\u00f6r\u00fc\u015ft\u00fc - TURKMENISTAN AND WORLD NEWS","type":"rich","width":600,"height":338,"html":"<blockquote class=\"wp-embedded-content\" data-secret=\"Cs7P7avMDl\"><a href=\"https:\/\/atavatan-turkmenistan.com\/tr\/turkmenistan-disisleri-bakani-ile-abd-buyukelcisi-gorustu\/\">T\u00fcrkmenistan D\u0131\u015fi\u015fleri Bakan\u0131 ile ABD B\u00fcy\u00fckel\u00e7isi g\u00f6r\u00fc\u015ft\u00fc<\/a><\/blockquote><iframe sandbox=\"allow-scripts\" security=\"restricted\" src=\"https:\/\/atavatan-turkmenistan.com\/tr\/turkmenistan-disisleri-bakani-ile-abd-buyukelcisi-gorustu\/embed\/#?secret=Cs7P7avMDl\" width=\"600\" height=\"338\" title=\"&#8220;T\u00fcrkmenistan D\u0131\u015fi\u015fleri Bakan\u0131 ile ABD B\u00fcy\u00fckel\u00e7isi g\u00f6r\u00fc\u015ft\u00fc&#8221; &#8212; TURKMENISTAN AND WORLD NEWS\" data-secret=\"Cs7P7avMDl\" frameborder=\"0\" marginwidth=\"0\" marginheight=\"0\" scrolling=\"no\" class=\"wp-embedded-content\"><\/iframe><script type=\"text\/javascript\">\n\/* <![CDATA[ *\/\n\/*! This file is auto-generated *\/\n!function(d,l){\"use strict\";l.querySelector&&d.addEventListener&&\"undefined\"!=typeof URL&&(d.wp=d.wp||{},d.wp.receiveEmbedMessage||(d.wp.receiveEmbedMessage=function(e){var t=e.data;if((t||t.secret||t.message||t.value)&&!\/[^a-zA-Z0-9]\/.test(t.secret)){for(var s,r,n,a=l.querySelectorAll('iframe[data-secret=\"'+t.secret+'\"]'),o=l.querySelectorAll('blockquote[data-secret=\"'+t.secret+'\"]'),c=new RegExp(\"^https?:$\",\"i\"),i=0;i<o.length;i++)o[i].style.display=\"none\";for(i=0;i<a.length;i++)s=a[i],e.source===s.contentWindow&&(s.removeAttribute(\"style\"),\"height\"===t.message?(1e3<(r=parseInt(t.value,10))?r=1e3:~~r<200&&(r=200),s.height=r):\"link\"===t.message&&(r=new URL(s.getAttribute(\"src\")),n=new URL(t.value),c.test(n.protocol))&&n.host===r.host&&l.activeElement===s&&(d.top.location.href=t.value))}},d.addEventListener(\"message\",d.wp.receiveEmbedMessage,!1),l.addEventListener(\"DOMContentLoaded\",function(){for(var e,t,s=l.querySelectorAll(\"iframe.wp-embedded-content\"),r=0;r<s.length;r++)(t=(e=s[r]).getAttribute(\"data-secret\"))||(t=Math.random().toString(36).substring(2,12),e.src+=\"#?secret=\"+t,e.setAttribute(\"data-secret\",t)),e.contentWindow.postMessage({message:\"ready\",secret:t},\"*\")},!1)))}(window,document);\n\/* ]]> *\/\n<\/script>\n","thumbnail_url":"https:\/\/atavatan-turkmenistan.com\/wp-content\/uploads\/2022\/07\/6DasoqeRl60rRFCMStTQyzJEdriJrH-430x335-2.jpg","thumbnail_width":430,"thumbnail_height":335,"description":"T\u00fcrkmenistan D\u0131\u015fi\u015fleri Bakan\u0131 Ra\u015fid Meredov, Amerika Birle\u015fik Devletleri&#8217;nin T\u00fcrkmenistan B\u00fcy\u00fckel\u00e7isi Matthew Steven Klimov ile bir araya geldi. T\u00fcrkmenistan D\u0131\u015fi\u015fleri Bakanl\u0131\u011f\u0131&#8217;ndan yap\u0131lan a\u00e7\u0131klamaya g\u00f6re, G\u00f6r\u00fc\u015fmede, iki \u00fclke aras\u0131nda ili\u015fkilerin geli\u015ftirilmesine y\u00f6nelik \u00e7ok \u00e7e\u015fitli konular, g\u00fcncel uluslararas\u0131 ve b\u00f6lgesel g\u00fcndeme y\u00f6nelik bir dizi konu ele al\u0131nd\u0131. Siyasi ve diplomatik i\u015fbirli\u011finin daha da..."}