{"version":"1.0","provider_name":"TURKMENISTAN AND WORLD NEWS","provider_url":"https:\/\/atavatan-turkmenistan.com\/tr\/","title":"Cumhurba\u015fkan\u0131 Erdo\u011fan T\u00fcrkmenistan\u2019da - TURKMENISTAN AND WORLD NEWS","type":"rich","width":600,"height":338,"html":"<blockquote class=\"wp-embedded-content\" data-secret=\"7wuEMbIDFd\"><a href=\"https:\/\/atavatan-turkmenistan.com\/tr\/cumhurbaskani-erdogan-turkmenistanda\/\">Cumhurba\u015fkan\u0131 Erdo\u011fan T\u00fcrkmenistan\u2019da<\/a><\/blockquote><iframe sandbox=\"allow-scripts\" security=\"restricted\" src=\"https:\/\/atavatan-turkmenistan.com\/tr\/cumhurbaskani-erdogan-turkmenistanda\/embed\/#?secret=7wuEMbIDFd\" width=\"600\" height=\"338\" title=\"&#8220;Cumhurba\u015fkan\u0131 Erdo\u011fan T\u00fcrkmenistan\u2019da&#8221; &#8212; TURKMENISTAN AND WORLD NEWS\" data-secret=\"7wuEMbIDFd\" frameborder=\"0\" marginwidth=\"0\" marginheight=\"0\" scrolling=\"no\" class=\"wp-embedded-content\"><\/iframe><script type=\"text\/javascript\">\n\/* <![CDATA[ *\/\n\/*! This file is auto-generated *\/\n!function(d,l){\"use strict\";l.querySelector&&d.addEventListener&&\"undefined\"!=typeof URL&&(d.wp=d.wp||{},d.wp.receiveEmbedMessage||(d.wp.receiveEmbedMessage=function(e){var t=e.data;if((t||t.secret||t.message||t.value)&&!\/[^a-zA-Z0-9]\/.test(t.secret)){for(var s,r,n,a=l.querySelectorAll('iframe[data-secret=\"'+t.secret+'\"]'),o=l.querySelectorAll('blockquote[data-secret=\"'+t.secret+'\"]'),c=new RegExp(\"^https?:$\",\"i\"),i=0;i<o.length;i++)o[i].style.display=\"none\";for(i=0;i<a.length;i++)s=a[i],e.source===s.contentWindow&&(s.removeAttribute(\"style\"),\"height\"===t.message?(1e3<(r=parseInt(t.value,10))?r=1e3:~~r<200&&(r=200),s.height=r):\"link\"===t.message&&(r=new URL(s.getAttribute(\"src\")),n=new URL(t.value),c.test(n.protocol))&&n.host===r.host&&l.activeElement===s&&(d.top.location.href=t.value))}},d.addEventListener(\"message\",d.wp.receiveEmbedMessage,!1),l.addEventListener(\"DOMContentLoaded\",function(){for(var e,t,s=l.querySelectorAll(\"iframe.wp-embedded-content\"),r=0;r<s.length;r++)(t=(e=s[r]).getAttribute(\"data-secret\"))||(t=Math.random().toString(36).substring(2,12),e.src+=\"#?secret=\"+t,e.setAttribute(\"data-secret\",t)),e.contentWindow.postMessage({message:\"ready\",secret:t},\"*\")},!1)))}(window,document);\n\/* ]]> *\/\n<\/script>\n","thumbnail_url":"https:\/\/atavatan-turkmenistan.com\/wp-content\/uploads\/2022\/12\/2022-12-13-turkmenistan-010-1.jpg","thumbnail_width":774,"thumbnail_height":550,"description":"Cumhurba\u015fkan\u0131 Recep Tayyip Erdo\u011fan, T\u00fcrkiye-Azerbaycan-T\u00fcrkmenistan Devlet Ba\u015fkanlar\u0131 Zirvesi\u2019ne kat\u0131lmak \u00fczere gitti\u011fi T\u00fcrkmenistan\u2019\u0131n T\u00fcrkmenba\u015f\u0131 kentine ula\u015ft\u0131. \u00c7umhruba\u015fkanl\u0131\u011f\u0131 resmi sitesinde yer alan habere g\u00f6re,\u00a0Cumhurba\u015fkan\u0131 Erdo\u011fan T\u00fcrkmenba\u015f\u0131 Uluslararas\u0131 Havaliman\u0131\u2019nda, D\u0131\u015fi\u015fleri Bakan\u0131 Mevl\u00fct \u00c7avu\u015fo\u011flu, Enerji ve Tabii Kaynaklar Bakan\u0131 Fatih D\u00f6nmez, Ula\u015ft\u0131rma ve Altyap\u0131 Bakan\u0131 Adil Karaismailo\u011flu, T\u00fcrkmenistan D\u0131\u015fi\u015fleri Bakan\u0131 Ra\u015fid Meredov, T\u00fcrkiye\u2019nin A\u015fkabat..."}