{"version":"1.0","provider_name":"TURKMENISTAN AND WORLD NEWS","provider_url":"https:\/\/atavatan-turkmenistan.com\/en\/","title":"Yeni Fak&uuml;lte i&ccedil;in uluslararas\u0131 ihaleye &ccedil;\u0131k\u0131lacak - TURKMENISTAN AND WORLD NEWS","type":"rich","width":600,"height":338,"html":"<blockquote class=\"wp-embedded-content\" data-secret=\"rKMRrbxZaV\"><a href=\"https:\/\/atavatan-turkmenistan.com\/en\/yeni-faklte-iin-uluslararasi-ihaleye-ikilacak-2\/\">Yeni Fak&uuml;lte i&ccedil;in uluslararas\u0131 ihaleye &ccedil;\u0131k\u0131lacak<\/a><\/blockquote><iframe sandbox=\"allow-scripts\" security=\"restricted\" src=\"https:\/\/atavatan-turkmenistan.com\/en\/yeni-faklte-iin-uluslararasi-ihaleye-ikilacak-2\/embed\/#?secret=rKMRrbxZaV\" width=\"600\" height=\"338\" title=\"&#8220;Yeni Fak&uuml;lte i&ccedil;in uluslararas\u0131 ihaleye &ccedil;\u0131k\u0131lacak&#8221; &#8212; TURKMENISTAN AND WORLD NEWS\" data-secret=\"rKMRrbxZaV\" frameborder=\"0\" marginwidth=\"0\" marginheight=\"0\" scrolling=\"no\" class=\"wp-embedded-content\"><\/iframe><script type=\"text\/javascript\">\n\/* <![CDATA[ *\/\n\/*! This file is auto-generated *\/\n!function(d,l){\"use strict\";l.querySelector&&d.addEventListener&&\"undefined\"!=typeof URL&&(d.wp=d.wp||{},d.wp.receiveEmbedMessage||(d.wp.receiveEmbedMessage=function(e){var t=e.data;if((t||t.secret||t.message||t.value)&&!\/[^a-zA-Z0-9]\/.test(t.secret)){for(var s,r,n,a=l.querySelectorAll('iframe[data-secret=\"'+t.secret+'\"]'),o=l.querySelectorAll('blockquote[data-secret=\"'+t.secret+'\"]'),c=new RegExp(\"^https?:$\",\"i\"),i=0;i<o.length;i++)o[i].style.display=\"none\";for(i=0;i<a.length;i++)s=a[i],e.source===s.contentWindow&&(s.removeAttribute(\"style\"),\"height\"===t.message?(1e3<(r=parseInt(t.value,10))?r=1e3:~~r<200&&(r=200),s.height=r):\"link\"===t.message&&(r=new URL(s.getAttribute(\"src\")),n=new URL(t.value),c.test(n.protocol))&&n.host===r.host&&l.activeElement===s&&(d.top.location.href=t.value))}},d.addEventListener(\"message\",d.wp.receiveEmbedMessage,!1),l.addEventListener(\"DOMContentLoaded\",function(){for(var e,t,s=l.querySelectorAll(\"iframe.wp-embedded-content\"),r=0;r<s.length;r++)(t=(e=s[r]).getAttribute(\"data-secret\"))||(t=Math.random().toString(36).substring(2,12),e.src+=\"#?secret=\"+t,e.setAttribute(\"data-secret\",t)),e.contentWindow.postMessage({message:\"ready\",secret:t},\"*\")},!1)))}(window,document);\n\/* ]]> *\/\n<\/script>\n","description":"D&uuml;n ger&ccedil;ekle\u015ftirilen Bakanlar Kurulu toplant\u0131s\u0131nda T&uuml;rkmen Lideri, Bakanlar Kurulu Ba\u015fkan yard\u0131mc\u0131lar\u0131 S. Toyluye&rsquo;va ve \u015e. Durduliyeve, Milli Spor ve Turizm Enstit&uuml;s&uuml;n&uuml;n maddi-ekipman yap\u0131s\u0131n\u0131n daha da g&uuml;&ccedil;lendirilmesi gerekti\u011fini belirtti. T&uuml;rkmen Lideri, bu e\u011fitim kurumunun yeni fak&uuml;ltesi i&ccedil;in binan\u0131n in\u015fas\u0131"}